








{"id":13,"date":"2016-07-21T14:48:43","date_gmt":"2016-07-21T12:48:43","guid":{"rendered":"http:\/\/test.agerin.ovh\/?page_id=13"},"modified":"2017-06-14T12:39:26","modified_gmt":"2017-06-14T10:39:26","slug":"maitrise-doeuvre","status":"publish","type":"page","link":"https:\/\/agerin.ovh\/index.php\/references\/maitrise-doeuvre\/","title":{"rendered":"Ma\u00eetrise d&rsquo;\u0152uvre"},"content":{"rendered":"<hr>\n<div class=\"csRow\">\n<div class=\"csColumn\" style=\"margin: 0px; padding: 0px; float: left; width: 52.1%;\" data-csstartpoint=\"0\" data-csendpoint=\"500\" data-cswidth=\"52.1%\" data-csid=\"2bc90be3-0e93-dae4-ab61-91a0cb46f92e\">\n<p class=\"font_7\" style=\"text-align: justify;\"><span style=\"text-decoration: underline;\"><strong>2016&nbsp;:<\/strong><\/span><\/p>\n<ul class=\"font_7\" style=\"text-align: justify;\">\n<li>\n<p class=\"font_7\">Ma\u00eetrise d\u2019\u0153uvre de la r\u00e9fection de l\u2019\u00e9vacuateur de crue du barrage de la Th\u00e9sauque (classe C) \u00e0 Nailloux (31).<br \/>\n<span style=\"font-size: 10pt;\"><em>Ma\u00eetrise d&rsquo;Ouvrage : Communaut\u00e9 de Commune CO.LAUR.SUD.<\/em><\/span><\/p>\n<\/li>\n<li>\n<p class=\"font_7\">Ma\u00eetrise d\u2019\u0153uvre de la mise en \u0153uvre d\u2019un dispositif de gestion des eaux pluviales en circuit ferm\u00e9 sur le site FUMECO-L\u00e8ze \u00e0 Artigat (09).<br \/>\n<span style=\"font-size: 10pt;\"><em>Ma\u00eetrise d&rsquo;Ouvrage : FUMECO-L\u00e8ze.<\/em><\/span><\/p>\n<\/li>\n<\/ul>\n<p style=\"text-align: justify;\">&nbsp;<\/p>\n<p class=\"font_7\" style=\"text-align: justify;\"><span style=\"text-decoration: underline;\"><strong>2015&nbsp;:<\/strong><\/span><\/p>\n<ul class=\"font_7\" style=\"text-align: justify;\">\n<li>\n<p class=\"font_7\">Ma\u00eetrise d\u2019\u0153uvre du curage et de la reprise en sous \u0153uvre du barrage de Las-Mijeanes sur l\u2019Ari\u00e8ge (09).<br \/>\n<span style=\"font-size: 10pt;\"><em>Ma\u00eetrise d&rsquo;Ouvrage : SHEMA.<\/em><\/span><\/p>\n<\/li>\n<li>\n<p class=\"font_7\">Ma\u00eetrise d\u2019\u0153uvre de la r\u00e9fection et du renforcement du barrage du Moulin de R\u00e9gis sur la Ba\u00efse (32).<br \/>\n<span style=\"font-size: 10pt;\"><em>Ma\u00eetrise d&rsquo;Ouvrage : Soci\u00e9t\u00e9 Hydro\u00e9lectrique des Pyr\u00e9n\u00e9es.<\/em><\/span><\/p>\n<\/li>\n<\/ul>\n<p style=\"text-align: justify;\">&nbsp;<\/p>\n<p class=\"font_8\" style=\"text-align: justify;\"><span style=\"text-decoration: underline;\"><strong>2014 :<\/strong><\/span><\/p>\n<ul style=\"text-align: justify;\">\n<li>\n<p class=\"font_8\">Ma\u00eetrise d&rsquo;\u0153uvre de la r\u00e9paration d\u2019un renard hydraulique et de la r\u00e9fection de l\u2019\u00e9vacuateur de crue du barrage du Carla-Bayle.<br \/>\n<span style=\"font-size: 10pt;\"><em>Ma\u00eetrise&nbsp;d\u2019Ouvrage&nbsp;: Mairie du Carla-Bayle.<\/em><\/span><\/p>\n<\/li>\n<li>\n<p class=\"font_8\">Ma\u00eetrise d\u2019\u0153uvre d\u2019un ouvrage de confortement d\u2019un support HT pour RTE, sur la commune de Soulom (65).<br \/>\n<span style=\"font-size: 10pt;\"><em>Ma\u00eetrise d&rsquo;Ouvrage&nbsp;: RTE \u2013 Transport Electrique du Sud-Ouest.<\/em><\/span><\/p>\n<\/li>\n<li>\n<p class=\"font_8\">Ma\u00eetrise d\u2019\u0153uvre d\u2019ouvrages de confortement de 3 supports HT pour RTE, sur la commune d\u2019Ussac (19).<br \/>\n<span style=\"font-size: 10pt;\"><em>Ma\u00eetrise d&rsquo;Ouvrage&nbsp;: RTE \u2013 Transport Electrique du Sud-Ouest.<\/em><\/span><\/p>\n<\/li>\n<li>\n<p class=\"font_8\">Ma\u00eetrise d\u2019\u0153uvre de la r\u00e9fection compl\u00e8te du barrage du moulin de R\u00e9gis sur la commune de Mirande (32).<br \/>\n<span style=\"font-size: 10pt;\"><em>Ma\u00eetrise d&rsquo;Ouvrage : Compagnie Hydro-\u00e9lectrique des Pyr\u00e9n\u00e9es.<\/em><\/span><\/p>\n<\/li>\n<li>\n<p class=\"font_8\">Ma\u00eetrise d\u2019\u0153uvre de la construction d\u2019une passe \u00e0 poisson, d\u2019une passe \u00e0 cano\u00ebs et de l\u2019arasement du barrage de la centrale hydro\u00e9lectrique de Luzenac (09).<br \/>\n<span style=\"font-size: 10pt;\"><em>Ma\u00eetrise d&rsquo;Ouvrage : Imerys Talc.<\/em><\/span><\/p>\n<\/li>\n<li>\n<p class=\"font_8\">Ma\u00eetrise d\u2019\u0153uvre de la construction d\u2019une passe \u00e0 poisson, d\u2019une passe \u00e0 cano\u00ebs au barrage de la centrale hydro\u00e9lectrique d\u2019Urs (09).<br \/>\n<span style=\"font-size: 10pt;\"><em>Ma\u00eetrise d&rsquo;Ouvrage : Imerys Talc.<\/em><\/span><\/p>\n<\/li>\n<li>\n<p class=\"font_8\">Ma\u00eetrise d\u2019\u0153uvre de la construction d\u2019une passe \u00e0 poisson au barrage de la centrale hydro\u00e9lectrique d\u2019Albi\u00e8s (09).<br \/>\n<span style=\"font-size: 10pt;\"><em>Ma\u00eetrise d&rsquo;Ouvrage : Imerys Talc.<\/em><\/span><\/p>\n<\/li>\n<li>\n<p class=\"font_7\">R\u00e9paration d&rsquo;un renard hydraulique et r\u00e9fection de l&rsquo;\u00e9vacuateur de crue du barrage du Carla-Bayle (09).<br \/>\n<span style=\"font-size: 10pt;\"><em>Ma\u00eetrise d&rsquo;Ouvrage : Mairie du Carla-Bayle.<\/em><\/span><\/p>\n<\/li>\n<li>\n<p class=\"font_7\">Ma\u00eetrise d\u2019\u0153uvre d\u2019un ouvrage de confortement d\u2019un support HT pour RTE, sur la commune de Pierrefitte-Nestalas (65).<br \/>\n<span style=\"font-size: 10pt;\"><em>Ma\u00eetrise d&rsquo;Ouvrage : RTE &#8211; TESO.<\/em><\/span><\/p>\n<\/li>\n<li>\n<p class=\"font_7\">Ma\u00eetrise d&rsquo;\u0153uvre de la r\u00e9novation et reprise en sous d\u2019\u0153uvre d\u2019une partie de la fondation de la digue des 150 \u00e0 Villeneuve d\u2019Olmes&nbsp;(09).<br \/>\n<span style=\"font-size: 10pt;\"><em>Ma\u00eetrise d&rsquo;Ouvrage : Mairie de Villeneuve-d&rsquo;Olmes.<\/em><\/span><\/p>\n<\/li>\n<li>\n<p class=\"font_7\">Ma\u00eetrise d\u2019\u0153uvre de la construction de deux passes \u00e0 poisson aux barrages de la centrale hydro\u00e9lectrique de Moulin Prieur sur la Risle (27).<br \/>\n<span style=\"font-size: 10pt;\"><em>Ma\u00eetrise d&rsquo;Ouvrage : R\u00e9gie Electrique d\u2019Elbeuf.<\/em><\/span><\/p>\n<\/li>\n<\/ul>\n<p style=\"text-align: justify;\">&nbsp;<\/p>\n<p class=\"font_7\" style=\"text-align: justify;\"><span style=\"text-decoration: underline;\"><strong>2013 :<\/strong><\/span><\/p>\n<ul class=\"font_7\" style=\"text-align: justify;\">\n<li>\n<p class=\"font_7\">Ma\u00eetrise d\u2019\u0153uvre d\u2019un ouvrage de confortement de falaise en protection d\u2019un pyl\u00f4ne HT pour RTE, sur la commune d\u2019Ortaffa (66).<br \/>\n<span style=\"font-size: 10pt;\"><em>Ma\u00eetrise d&rsquo;Ouvrage&nbsp;: RTE \u2013 Transport Electrique du Sud-Ouest.<\/em><\/span><\/p>\n<\/li>\n<li>\n<p class=\"font_7\">Ma\u00eetrise d\u2019\u0153uvre d&rsquo;un dispositif de montaison et de d\u00e9valaison de la centrale hydro\u00e9lectrique de Fount-de-Sicre \u00e0 Montferrier (09).<br \/>\n<span style=\"font-size: 10pt;\"><em>Ma\u00eetrise d&rsquo;Ouvrage : SARL PEPO.<\/em><\/span><\/p>\n<\/li>\n<li>\n<p class=\"font_7\">Ma\u00eetrise d\u2019\u0153uvre de la r\u00e9novation d&rsquo;un seuil de la centrale hydro\u00e9lectrique de Luzenac (09).<br \/>\n<span style=\"font-size: 10pt;\"><em>Ma\u00eetrise d&rsquo;Ouvrage : Imerys Talc.<\/em><\/span><\/p>\n<\/li>\n<li>\n<p class=\"font_7\">Ma\u00eetrise d\u2019\u0153uvre des dispositifs&nbsp;de montaison et de d\u00e9valaison des centrales hydro\u00e9lectriques de Luzenac, d&rsquo;Urs et d&rsquo;Albi\u00e8s (09).<br \/>\n<span style=\"font-size: 10pt;\"><em>Ma\u00eetrise d&rsquo;Ouvrage : Imerys Talc.<\/em><\/span><\/p>\n<\/li>\n<li>\n<p class=\"font_7\">Ma\u00eetrise d\u2019\u0153uvre d\u2019un dispositif de franchissement des deux bras de l\u2019usine hydro\u00e9lectrique de Moulin Prieur sur la Risle dans l\u2019Eure&nbsp;(27).<br \/>\n<span style=\"font-size: 10pt;\"><em>Ma\u00eetrise d&rsquo;Ouvrage : R\u00e9gie \u00e9lectrique d&rsquo;Elbeuf.<\/em><\/span><\/p>\n<\/li>\n<li>\n<p class=\"font_7\">Ma\u00eetrise d\u2019\u0153uvre d\u2019un dispositif montaison et d\u00e9valaison de la centrale hydro\u00e9lectrique de Fount de Sicre \u00e0 Montferrier (09).<br \/>\n<span style=\"font-size: 10pt;\"><em>Ma\u00eetrise d\u2019Ouvrage : SARL PEPO.<\/em><\/span><\/p>\n<\/li>\n<li>\n<p class=\"font_7\">Ma\u00eetrise d&rsquo;\u0153uvre de&nbsp;construction d&rsquo;une digue de protection contre les inondations et d&rsquo;un assainissement des eaux de surface sur le site FUMECO-L\u00e8ze \u00e0 Artigat (09).<br \/>\n<span style=\"font-size: 10pt;\"><em>Ma\u00eetrise d&rsquo;Ouvrage : Fumeco-L\u00e8ze.<\/em><\/span><\/p>\n<\/li>\n<li>\n<p class=\"font_7\">Protection contre les \u00e9rosions du support 37 de la ligne 63 kV Argel\u00e8s-Mas Bruno-St.Cyprien sur la commune d&rsquo;Ortaffa (66).<br \/>\n<span style=\"font-size: 10pt;\"><em>Ma\u00eetrise d&rsquo;Ouvrage : R\u00e9seau de Transport d&rsquo;Electricit\u00e9.<\/em><\/span><\/p>\n<\/li>\n<\/ul>\n<p style=\"text-align: justify;\">&nbsp;<\/p>\n<p class=\"font_7\" style=\"text-align: justify;\"><span style=\"text-decoration: underline;\"><strong>2012 :<\/strong><\/span><\/p>\n<ul style=\"text-align: justify;\">\n<li>\n<p class=\"font_7\">Ma\u00eetrise d&rsquo;\u0153uvre du d\u00e9mant\u00e8lement du barrage du Pont de Menat (63).<br \/>\n<span style=\"font-size: 10pt;\"><em>Ma\u00eetrise d&rsquo;Ouvrage : Communaut\u00e9 de commune du Pays de Menat.<\/em><\/span><\/p>\n<\/li>\n<li>\n<p class=\"font_7\">Am\u00e9nagement de la rive gauche du Tarn \u00e0 la confluence du Vergnet \u00e0 Bressols (82).<br \/>\n<span style=\"font-size: 10pt;\"><em>Ma\u00eetrise d&rsquo;Ouvrage : Communaut\u00e9 d&rsquo;Agglom\u00e9ration du Grand Montauban.<\/em><\/span><\/p>\n<\/li>\n<li>\n<p class=\"font_7\">Ma\u00eetrise d&rsquo;\u0153uvre de travaux d&rsquo;une r\u00e9fection de la digue d&rsquo;amen\u00e9 \u00e0 la centrale de Fontaine Gu\u00e9rard sur l&rsquo;Andelle (27).<br \/>\n<span style=\"font-size: 10pt;\"><em>Ma\u00eetrise d&rsquo;Ouvrage : R\u00e9gie Electrique d&rsquo;Elbeuf.<\/em><\/span><\/p>\n<\/li>\n<li>\n<p class=\"font_7\">Ma\u00eetrise d&rsquo;\u0153uvre de travaux d&rsquo;un dispositif de montaison et d&rsquo;un bras de contournement \u00e0 la centrale de Fontaine Gu\u00e9rard sur l&rsquo;Andelle (27).<br \/>\n<span style=\"font-size: 10pt;\"><em>Ma\u00eetrise d&rsquo;Ouvrage : R\u00e9gie d&rsquo;Electrique d&rsquo;Elbeuf.<\/em><\/span><\/p>\n<\/li>\n<li>\n<p class=\"font_7\">Am\u00e9nagement du pont sur le ruisseau d&rsquo;Arnet \u00e0 Lordat (09).<br \/>\n<span style=\"font-size: 10pt;\"><em>Ma\u00eetrise d&rsquo;Ouvrage : Imerys Talc.<\/em><\/span><\/p>\n<\/li>\n<li>\n<p class=\"font_7\">Am\u00e9nagement du franchissement piscicole et r\u00e9fection de la chauss\u00e9e du Vieux Moulin \u00e0 Saint-Jean-de-Verges (09).<br \/>\n<span style=\"font-size: 10pt;\"><em>Ma\u00eetrise d&rsquo;Ouvrage : Soci\u00e9t\u00e9 du Vieux Moulin.<\/em><\/span><\/p>\n<\/li>\n<li>\n<p class=\"font_7\">Ma\u00eetrise d&rsquo;\u0153uvre de travaux d&rsquo;un dispositif de montaison et de d\u00e9valaison \u00e0 la prise d&rsquo;eau du Syndicat du canal \u00e0&nbsp;Villeneuve d&rsquo;Olmes (09).<br \/>\n<span style=\"font-size: 10pt;\"><em>Ma\u00eetrise d&rsquo;Ouvrage : Syndicat du canal de Villeneuve d&rsquo;Olmes.<\/em><\/span><\/p>\n<\/li>\n<\/ul>\n<p style=\"text-align: justify;\">&nbsp;<\/p>\n<p class=\"font_7\" style=\"text-align: justify;\"><span style=\"text-decoration: underline;\"><strong>2011 :<\/strong><\/span><\/p>\n<ul class=\"font_7\" style=\"text-align: justify;\">\n<li>\n<p class=\"font_7\">Ma\u00eetrise d&rsquo;oeuvre de la reconstruction du seuil de prise d&rsquo;eau du Lavail \u00e0 Luzenac (09).<br \/>\n<span style=\"font-size: 10pt;\"><em>Ma\u00eetrise d&rsquo;Ouvrage : Rio Tinto Minerals, Imerys Talc.<\/em><\/span><\/p>\n<\/li>\n<li>\n<p class=\"font_7\">Ma\u00eetrise d&rsquo;oeuvre d&rsquo;une passe \u00e0 poissons sur la prise d&rsquo;eau de l&rsquo;usine Nestor sur le Touyre (09).<br \/>\n<span style=\"font-size: 10pt;\"><em>Ma\u00eetrise d&rsquo;Ouvrage: NESTOR SAS.<\/em><\/span><\/p>\n<\/li>\n<li>\n<p class=\"font_7\">Ma\u00eetrise d&rsquo;oeuvre de l&rsquo;am\u00e9nagement du barrage du lac de Parisot (82).<br \/>\n<span style=\"font-size: 10pt;\"><em>Ma\u00eetrise d&rsquo;Ouvrage : Commune de Parisot.<\/em><\/span><\/p>\n<\/li>\n<li>\n<p class=\"font_7\">Ma\u00eetrise d&rsquo;oeuvre d&rsquo;un pont sur l&rsquo;Estrique \u00e0 Pamiers (09).<br \/>\n<span style=\"font-size: 10pt;\"><em>Ma\u00eetrise d&rsquo;Ouvrage : Communaut\u00e9 de commune de Pamiers.<\/em><\/span><\/p>\n<\/li>\n<li>\n<p class=\"font_7\">Ma\u00eetrise d&rsquo;oeuvre de la reconstruction du pont d&rsquo;Arnet \u00e0 Lordat (09).<br \/>\n<span style=\"font-size: 10pt;\"><em>Ma\u00eetrise d&rsquo;Ouvrage : Rio Tinto Minerals, Imerys Talc.<\/em><\/span><\/p>\n<\/li>\n<li>\n<p class=\"font_7\">Ma\u00eetrise d&rsquo;oeuvre d&rsquo;un pont sur l&rsquo;Artillac au hameau de Tourn\u00e9 \u00e0 Durban Castelnau (09).<br \/>\n<span style=\"font-size: 10pt;\"><em>Ma\u00eetrise d&rsquo;Ouvrage : M. Boyer.<\/em><\/span><\/p>\n<\/li>\n<li>\n<p class=\"font_7\">Ma\u00eetrise d&rsquo;oeuvre d&rsquo;un ouvrage de lutte contre le ravinement de remblais sur la commune de l&rsquo;Hospitalet-pr\u00e8s-l&rsquo;Andorre (09).<br \/>\n<span style=\"font-size: 10pt;\"><em>Ma\u00eetrise d&rsquo;Ouvrage : RTE-TSO.<\/em><\/span><\/p>\n<\/li>\n<li>\n<p class=\"font_7\">Ma\u00eetrise d\u2019\u0153uvre pour l\u2019am\u00e9nagement de la prise d\u2019eau des forges de pyr\u00e8ne sur le Scios et construction d&rsquo;une passe \u00e0 poissons.<br \/>\n<span style=\"font-size: 10pt;\"><em>Ma\u00eetrise d&rsquo;Ouvrage : Conseil G\u00e9n\u00e9ral de l\u2019Ari\u00e8ge<\/em>.<\/span><\/p>\n<\/li>\n<\/ul>\n<p style=\"text-align: justify;\">&nbsp;<\/p>\n<p class=\"font_7\" style=\"text-align: justify;\">&nbsp;<span style=\"text-decoration: underline;\"><strong>2010 :<\/strong><\/span><\/p>\n<ul>\n<li style=\"text-align: justify;\">\n<p class=\"font_7\">Ma\u00eetrise d\u2019\u0153uvre pour des travaux de renforcement de la berge rive droite d&rsquo;entonnement du pont de Massat (09).<br \/>\n<span style=\"font-size: 10pt;\"><em>Ma\u00eetrise d&rsquo;Ouvrage : Commune de Massat.<\/em><\/span><\/p>\n<\/li>\n<li>\n<p class=\"font_7\" style=\"text-align: justify;\">Ma\u00eetrise d&rsquo;oeuvre d&rsquo;une digue de protection contre les crues de l&rsquo;Exergue d&rsquo;un support a\u00e9ro-souterrain&nbsp; de la ligne de 200 kV vers l&rsquo;Andorre sur la commune de l&rsquo;Hospitalet-pr\u00e8s-l&rsquo;Andorre (09).<br \/>\n<span style=\"font-size: 10pt;\"><em>Ma\u00eetrise d&rsquo;Ouvrage : RTE-TSO.<\/em><\/span><\/p>\n<p style=\"text-align: justify;\"><span style=\"font-size: 10pt;\"><em>&nbsp;<\/em><\/span><\/p>\n<\/li>\n<\/ul>\n<\/div>\n<div class=\"csColumnGap\" style=\"margin: 0px; padding: 0px; float: left; width: 9.38%;\"><img decoding=\"async\" style=\"border: none;\" src=\"http:\/\/agerin.ovh\/wp-content\/plugins\/advanced-wp-columns\/assets\/js\/plugins\/views\/img\/1x1-pixel.png\"><\/div>\n<div class=\"csColumn\" style=\"margin: 0px; padding: 0px; float: left; width: 38.5%;\" data-csstartpoint=\"590\" data-csendpoint=\"960\" data-cswidth=\"38.5%\" data-csid=\"b998148e-3585-337f-b46d-5c5dc199b282\">\n<p style=\"text-align: center;\"><div style=\"max-width: 575px; margin: 0 auto;\" class=\"ml-slider-3-7-2 metaslider metaslider-nivo metaslider-1394 ml-slider\">\n    \n    <div id=\"metaslider_container_1394\">\n        <div class='slider-wrapper theme-default'>\n            <div class='ribbon'><\/div>\n            <div id='metaslider_1394' class='nivoSlider'>\n                <img src=\"https:\/\/agerin.ovh\/wp-content\/uploads\/2016\/08\/2015-08-27-575x320.jpg\" height=\"320\" width=\"575\" data-title=\"Avant les travaux (ao&ucirc;t)\" alt=\"\" class=\"slider-1394 slide-1395\" \/>\n                <img src=\"https:\/\/agerin.ovh\/wp-content\/uploads\/2016\/08\/2015-09-08-575x320.jpg\" height=\"320\" width=\"575\" data-title=\"Pendant les travaux (septembre)\" alt=\"\" class=\"slider-1394 slide-1396\" \/>\n                <img src=\"https:\/\/agerin.ovh\/wp-content\/uploads\/2016\/08\/2015-10-12-575x320.jpg\" height=\"320\" width=\"575\" data-title=\"Pendant les travaux (octobre)\" alt=\"\" class=\"slider-1394 slide-1397\" \/>\n                <img src=\"https:\/\/agerin.ovh\/wp-content\/uploads\/2016\/08\/2015-10-20-1-575x320.jpg\" height=\"320\" width=\"575\" data-title=\"Pendant les travaux (octobre)\" alt=\"\" class=\"slider-1394 slide-1398\" \/>\n                <img src=\"https:\/\/agerin.ovh\/wp-content\/uploads\/2016\/08\/2015-11-02-575x320.jpg\" height=\"320\" width=\"575\" data-title=\"Pendant les travaux (novembre)\" alt=\"\" class=\"slider-1394 slide-1399\" \/>\n                <img src=\"https:\/\/agerin.ovh\/wp-content\/uploads\/2016\/08\/2015-11-09-575x320.jpg\" height=\"320\" width=\"575\" data-title=\"Pendant les travaux (novembre)\" alt=\"\" class=\"slider-1394 slide-1400\" \/>\n                <img src=\"https:\/\/agerin.ovh\/wp-content\/uploads\/2016\/08\/2015-11-17-575x320.jpg\" height=\"320\" width=\"575\" data-title=\"Pendant les travaux (novembre)\" alt=\"\" class=\"slider-1394 slide-1401\" \/>\n                <img src=\"https:\/\/agerin.ovh\/wp-content\/uploads\/2016\/08\/2015-11-23-575x320.jpg\" height=\"320\" width=\"575\" data-title=\"Pendant les travaux (novembre)\" alt=\"\" class=\"slider-1394 slide-1402\" \/>\n                <img src=\"https:\/\/agerin.ovh\/wp-content\/uploads\/2016\/08\/2015-12-02-575x320.jpg\" height=\"320\" width=\"575\" data-title=\"Apr&egrave;s les travaux (d&eacute;cembre)\" alt=\"\" class=\"slider-1394 slide-1403\" \/>\n            <\/div>\n        <\/div>\n        \n    <\/div>\n<\/div><\/p>\n<p style=\"text-align: center;\"><span style=\"font-size: 10pt;\"><strong>2015 &#8211; Moulin de R\u00e9gis<\/strong><\/span><br \/>\n<span style=\"font-size: 10pt;\">R\u00e9fection et renforcement du barrage du Moulin de R\u00e9gis sur la Ba\u00efse (32).<\/span><\/p>\n<p style=\"text-align: center;\">&nbsp;<\/p>\n<hr>\n<p style=\"text-align: center;\">&nbsp;<\/p>\n<p>[foogallery id=\u00a0\u00bb394&Prime;]<\/p>\n<\/div>\n<div style=\"clear: both; float: none; display: block; visibility: hidden; width: 0px; font-size: 0px; line-height: 0;\">&nbsp;<\/div>\n<\/div>\n<p>&nbsp;<\/p>\n<p class=\"font_7\"><br class=\"nc\"><br class=\"nc\"><br class=\"nc\"><\/p>\n<div class=\"csRow\">\n<div class=\"csColumn\" style=\"margin: 0px; padding: 0px; float: left; width: 38.5%;\" data-csstartpoint=\"0\" data-csendpoint=\"370\" data-cswidth=\"38.5%\" data-csid=\"6c6f0783-03e5-0ae8-a8d9-9f937867442e\">\n<p style=\"text-align: center;\"><div style=\"max-width: 575px; margin: 0 auto;\" class=\"ml-slider-3-7-2 metaslider metaslider-nivo metaslider-1377 ml-slider\">\n    \n    <div id=\"metaslider_container_1377\">\n        <div class='slider-wrapper theme-default'>\n            <div class='ribbon'><\/div>\n            <div id='metaslider_1377' class='nivoSlider'>\n                <img src=\"https:\/\/agerin.ovh\/wp-content\/uploads\/2016\/08\/1-575x320.jpg\" height=\"320\" width=\"575\" data-title=\"Avant les travaux\" alt=\"\" class=\"slider-1377 slide-1378\" \/>\n                <img src=\"https:\/\/agerin.ovh\/wp-content\/uploads\/2016\/08\/2-575x320.jpg\" height=\"320\" width=\"575\" data-title=\"Pendant les travaux\" alt=\"\" class=\"slider-1377 slide-1379\" \/>\n                <img src=\"https:\/\/agerin.ovh\/wp-content\/uploads\/2016\/08\/3-575x320.jpg\" height=\"320\" width=\"575\" data-title=\"Pendant les travaux\" alt=\"\" class=\"slider-1377 slide-1380\" \/>\n                <img src=\"https:\/\/agerin.ovh\/wp-content\/uploads\/2016\/08\/4-575x320.jpg\" height=\"320\" width=\"575\" data-title=\"Apr&egrave;s les travaux\" alt=\"\" class=\"slider-1377 slide-1381\" \/>\n                <img src=\"https:\/\/agerin.ovh\/wp-content\/uploads\/2016\/08\/5-575x320.jpg\" height=\"320\" width=\"575\" data-title=\"1 an apr&egrave;s les travaux\" alt=\"\" class=\"slider-1377 slide-1382\" \/>\n                <img src=\"https:\/\/agerin.ovh\/wp-content\/uploads\/2016\/08\/6-575x320.jpg\" height=\"320\" width=\"575\" data-title=\"2 ans apr&egrave;s les travaux\" alt=\"\" class=\"slider-1377 slide-1383\" \/>\n            <\/div>\n        <\/div>\n        \n    <\/div>\n<\/div><\/p>\n<p style=\"text-align: center;\"><span style=\"font-size: 10pt;\"><strong>2006 &#8211; Varilhes<\/strong><\/span><br \/>\n<span style=\"font-size: 10pt;\">Am\u00e9nagement de l&rsquo;\u00eele en aval du pont de Varilhes (09).<\/span><\/p>\n<p style=\"text-align: center;\">&nbsp;<\/p>\n<hr>\n<p style=\"text-align: center;\">&nbsp;<\/p>\n<p style=\"text-align: center;\"><div style=\"max-width: 575px; margin: 0 auto;\" class=\"ml-slider-3-7-2 metaslider metaslider-nivo metaslider-1386 ml-slider\">\n    \n    <div id=\"metaslider_container_1386\">\n        <div class='slider-wrapper theme-default'>\n            <div class='ribbon'><\/div>\n            <div id='metaslider_1386' class='nivoSlider'>\n                <img src=\"https:\/\/agerin.ovh\/wp-content\/uploads\/2016\/08\/5-pdt-travaux-20-octobre-575x320.jpg\" height=\"320\" width=\"575\" data-title=\"Pendant les travaux (octobre 2005)\" alt=\"\" class=\"slider-1386 slide-1389\" \/>\n                <img src=\"https:\/\/agerin.ovh\/wp-content\/uploads\/2016\/08\/2-pdt-travaux-7-octobre-575x320.jpg\" height=\"320\" width=\"575\" data-title=\"Pendant les travaux (octobre 2005)\" alt=\"\" class=\"slider-1386 slide-1387\" \/>\n                <img src=\"https:\/\/agerin.ovh\/wp-content\/uploads\/2016\/08\/3-pdt-travaux-11-octobre-575x320.jpg\" height=\"320\" width=\"575\" data-title=\"Pendant les travaux (octobre 2005)\" alt=\"\" class=\"slider-1386 slide-1388\" \/>\n                <img src=\"https:\/\/agerin.ovh\/wp-content\/uploads\/2016\/08\/4-pdt-travaux-18-octobre-575x320.jpg\" height=\"320\" width=\"575\" data-title=\"Pendant les travaux (octobre 2005)\" alt=\"\" class=\"slider-1386 slide-1770\" \/>\n                <img src=\"https:\/\/agerin.ovh\/wp-content\/uploads\/2016\/08\/1-pdt-travaux-avril-575x320.jpg\" height=\"320\" width=\"575\" data-title=\"Apr&egrave;s les travaux (avril 2006)\" alt=\"\" class=\"slider-1386 slide-1390\" \/>\n                <img src=\"https:\/\/agerin.ovh\/wp-content\/uploads\/2016\/08\/6-1-an-apres-travaux-575x320.jpg\" height=\"320\" width=\"575\" data-title=\"1 an apr&egrave;s les travaux\" alt=\"\" class=\"slider-1386 slide-1391\" \/>\n                <img src=\"https:\/\/agerin.ovh\/wp-content\/uploads\/2016\/08\/7-2-ans-apres-travaux-575x320.jpg\" height=\"320\" width=\"575\" data-title=\"2 ans apr&egrave;s les travaux\" alt=\"\" class=\"slider-1386 slide-1392\" \/>\n            <\/div>\n        <\/div>\n        \n    <\/div>\n<\/div><\/p>\n<p style=\"text-align: center;\"><span style=\"font-size: 10pt;\"><strong>2005 &#8211; Scios<\/strong><\/span><br \/>\n<span style=\"font-size: 10pt;\">Am\u00e9nagement du Scios : Protection contre l\u2019\u00e9rosion de la d\u00e9viation de Saint Paul de Jarrat (RD 117).<\/span><\/p>\n<p style=\"text-align: center;\">&nbsp;<\/p>\n<hr>\n<p style=\"text-align: center;\">&nbsp;<\/p>\n<p style=\"text-align: center;\"><div style=\"max-width: 575px; margin: 0 auto;\" class=\"ml-slider-3-7-2 metaslider metaslider-nivo metaslider-1363 ml-slider\">\n    \n    <div id=\"metaslider_container_1363\">\n        <div class='slider-wrapper theme-default'>\n            <div class='ribbon'><\/div>\n            <div id='metaslider_1363' class='nivoSlider'>\n                <img src=\"https:\/\/agerin.ovh\/wp-content\/uploads\/2016\/08\/1-pdt-travaux-575x320.jpg\" height=\"320\" width=\"575\" data-title=\"Pendant les travaux\" alt=\"\" class=\"slider-1363 slide-1371\" \/>\n                <img src=\"https:\/\/agerin.ovh\/wp-content\/uploads\/2016\/08\/2-apres-travaux-575x320.jpg\" height=\"320\" width=\"575\" data-title=\"Apr&egrave;s les travaux\" alt=\"\" class=\"slider-1363 slide-1372\" \/>\n                <img src=\"https:\/\/agerin.ovh\/wp-content\/uploads\/2016\/08\/3-4-mois-apres-travaux-575x320.jpg\" height=\"320\" width=\"575\" data-title=\"4 mois apr&egrave;s les travaux\" alt=\"\" class=\"slider-1363 slide-1373\" \/>\n                <img src=\"https:\/\/agerin.ovh\/wp-content\/uploads\/2016\/08\/4-1an-apres-travaux-575x320.jpg\" height=\"320\" width=\"575\" data-title=\"1 an apr&egrave;s les travaux\" alt=\"\" class=\"slider-1363 slide-1374\" \/>\n            <\/div>\n        <\/div>\n        \n    <\/div>\n<\/div><\/p>\n<p style=\"text-align: center;\"><span style=\"font-size: 10pt;\"><strong>2003 &#8211; Villeneuve d&rsquo;Olmes<\/strong><br \/>\n<span style=\"font-size: 10pt;\">Am\u00e9nagements de protections de l&rsquo;usine AVELANA contre les inondations \u00e0 Villeneuve d&rsquo;Olmes (09).<\/span><\/span><\/p>\n<\/div>\n<div class=\"csColumnGap\" style=\"margin: 0px; padding: 0px; float: left; width: 9.38%;\"><img decoding=\"async\" style=\"border: none;\" src=\"http:\/\/agerin.ovh\/wp-content\/plugins\/advanced-wp-columns\/assets\/js\/plugins\/views\/img\/1x1-pixel.png\"><\/div>\n<div class=\"csColumn\" style=\"margin: 0px; padding: 0px; float: left; width: 52.1%;\" data-csstartpoint=\"460\" data-csendpoint=\"960\" data-cswidth=\"52.1%\" data-csid=\"143e4e1e-c5f4-11a8-896f-c9ffb65a044e\">\n<p class=\"font_8\" style=\"text-align: justify;\"><span style=\"text-decoration: underline;\"><strong>2009 :<\/strong><\/span><\/p>\n<ul class=\"font_7\" style=\"text-align: justify;\">\n<li>\n<p class=\"font_7\">Assistance \u00e0 ma\u00eetrise d&rsquo;oeuvre pour la protection contre les crues des ouvrages de la ligne enterr\u00e9e de 200 kV vers l&rsquo;Andorre sur la commune de l&rsquo;Hospitalet-pr\u00e8s-l&rsquo;Andorre (09).<br \/>\n<span style=\"font-size: 10pt;\"><em>Ma\u00eetrise d&rsquo;Ouvrage :&nbsp;<\/em><em>RTE.<\/em><\/span><\/p>\n<\/li>\n<\/ul>\n<p style=\"text-align: justify;\"><span style=\"text-decoration: underline;\"><strong>2008 :<\/strong><\/span><\/p>\n<ul class=\"font_7\" style=\"text-align: justify;\">\n<li>\n<p class=\"font_7\">Ma\u00eetrise d&rsquo;oeuvre pour la r\u00e9alisation d&rsquo;une \u00e9chelle \u00e0 poisson sur le ruisseau d&rsquo;Arse \u00e0 la pisciculture de Fontan\u00e8s \u00e0 Saurat (09).<\/p>\n<\/li>\n<li>\n<p class=\"font_7\">Ma\u00eetrise d&rsquo;oeuvre pour la r\u00e9alisation d&rsquo;une protection de berge en techniques mixtes \u00e0 l&rsquo;usine Rio Tinto Min\u00e9ral de Luzenac (09).<\/p>\n<\/li>\n<li>\n<p class=\"font_7\">Assistance \u00e0 ma\u00eetrise d&rsquo;oeuvre pour le d\u00e9mant\u00e8lement des barrages du pont de la Forge et de la m\u00e9canique amont sur le Douctouyre (09).<br \/>\n<span style=\"font-size: 10pt;\"><em>Ma\u00eetrise d&rsquo;Ouvrage&nbsp;: AAPPMA du Carla-de-Roquefort.<\/em><\/span><\/p>\n<\/li>\n<li>\n<p class=\"font_7\">Ma\u00eetrise d&rsquo;\u0153uvre de la construction d&rsquo;une passe \u00e0 poissons \u00e0 la pisciculture de Fontanes \u00e0 Saurat (09).<br \/>\n<span style=\"font-size: 10pt;\"><em>Ma\u00eetrise d&rsquo;Ouvrage&nbsp;: F\u00e9d\u00e9ration de P\u00eache de l&rsquo;Ari\u00e8ge.<\/em><\/span><\/p>\n<\/li>\n<\/ul>\n<p style=\"text-align: justify;\">&nbsp;<\/p>\n<p class=\"font_8\" style=\"text-align: justify;\"><span style=\"text-decoration: underline;\"><strong>2006 :<\/strong><\/span><\/p>\n<ul class=\"font_7\" style=\"text-align: justify;\">\n<li>\n<p class=\"font_7\">Ma\u00eetrise d&rsquo;oeuvre du projet d&rsquo;am\u00e9nagement de l&rsquo;\u00eele en aval du pont de Varilhes (09).<br \/>\n<span style=\"font-size: 10pt;\"><em>Ma\u00eetrise d&rsquo;Ouvrage&nbsp;: SYRRPA.<\/em><\/span><\/p>\n<\/li>\n<\/ul>\n<p style=\"text-align: justify;\">&nbsp;<\/p>\n<p class=\"font_7\" style=\"text-align: justify;\"><span style=\"text-decoration: underline;\"><strong>&nbsp;2005 :<\/strong><\/span><\/p>\n<ul class=\"font_7\" style=\"text-align: justify;\">\n<li>\n<p class=\"font_7\">Ma\u00eetrise d&rsquo;oeuvre du projet d&rsquo;am\u00e9nagement du Scios. Protection contre l\u2019\u00e9rosion de la d\u00e9viation de Saint Paul de Jarrat (RD 117).<br \/>\n<span style=\"font-size: 10pt;\"><em>Ma\u00eetrise d&rsquo;Ouvrage&nbsp;: Conseil G\u00e9n\u00e9ral de l\u2019Ari\u00e8ge (09)<\/em><\/span><\/p>\n<\/li>\n<li>\n<p class=\"font_7\">Ma\u00eetrise d&rsquo;\u0153uvre d&rsquo;am\u00e9nagements de protections de l&rsquo;usine AVELANA contre les inondations \u00e0 Villeneuve d&rsquo;Olmes (09).<br \/>\n<span style=\"font-size: 10pt;\"><em>Ma\u00eetrise d&rsquo;Ouvrage : AVELANA SA.<\/em><\/span><\/p>\n<\/li>\n<\/ul>\n<p style=\"text-align: justify;\">&nbsp;<\/p>\n<p class=\"font_7\" style=\"text-align: justify;\">&nbsp;<span style=\"text-decoration: underline;\"><strong>2003 :<\/strong><\/span><\/p>\n<ul class=\"font_7\">\n<li style=\"text-align: justify;\">\n<p class=\"font_7\">Assistance \u00e0 ma\u00eetrise d&rsquo;oeuvre du projet d&rsquo;am\u00e9nagement sur le Touyre au niveau de l\u2019usine Avelana (Lavelanet, 09).<br \/>\n<span style=\"font-size: 10pt;\"><em>Ma\u00eetrise d&rsquo;Ouvrage : AVELANA SA.<\/em><\/span><\/p>\n<\/li>\n<li>\n<p class=\"font_7\" style=\"text-align: justify;\">Am\u00e9nagement du ruisseau de Loubi\u00e8res en amont de la R.D. 919 (protection contre les crues). Etude de projet et ma\u00eetrise d\u2019\u0153uvre.<br \/>\n<span style=\"font-size: 10pt;\"><em>Ma\u00eetrise d&rsquo;Ouvrage : Commune de Crampagna (09).<\/em><\/span><\/p>\n<\/li>\n<\/ul>\n<\/div>\n<div style=\"clear: both; float: none; display: block; visibility: hidden; width: 0px; font-size: 0px; line-height: 0;\">&nbsp;<\/div>\n<\/div>\n<p class=\"font_7\"><br class=\"nc\"><br class=\"nc\"><br class=\"nc\"><br class=\"nc\"><br class=\"nc\"><br class=\"nc\"><br class=\"nc\"><br class=\"nc\"><br class=\"nc\"><\/p>\n","protected":false},"excerpt":{"rendered":"<p>2016&nbsp;: Ma\u00eetrise d\u2019\u0153uvre de la r\u00e9fection de l\u2019\u00e9vacuateur de crue du barrage de la Th\u00e9sauque (classe C) \u00e0 Nailloux (31). Ma\u00eetrise d&rsquo;Ouvrage : Communaut\u00e9 de Commune CO.LAUR.SUD. Ma\u00eetrise d\u2019\u0153uvre de la mise en \u0153uvre d\u2019un dispositif de gestion des eaux pluviales en circuit ferm\u00e9 sur le site FUMECO-L\u00e8ze \u00e0 Artigat (09). Ma\u00eetrise d&rsquo;Ouvrage : FUMECO-L\u00e8ze. [&hellip;]<\/p>\n","protected":false},"author":1,"featured_media":0,"parent":1069,"menu_order":0,"comment_status":"closed","ping_status":"closed","template":"","meta":[],"_links":{"self":[{"href":"https:\/\/agerin.ovh\/index.php\/wp-json\/wp\/v2\/pages\/13"}],"collection":[{"href":"https:\/\/agerin.ovh\/index.php\/wp-json\/wp\/v2\/pages"}],"about":[{"href":"https:\/\/agerin.ovh\/index.php\/wp-json\/wp\/v2\/types\/page"}],"author":[{"embeddable":true,"href":"https:\/\/agerin.ovh\/index.php\/wp-json\/wp\/v2\/users\/1"}],"replies":[{"embeddable":true,"href":"https:\/\/agerin.ovh\/index.php\/wp-json\/wp\/v2\/comments?post=13"}],"version-history":[{"count":33,"href":"https:\/\/agerin.ovh\/index.php\/wp-json\/wp\/v2\/pages\/13\/revisions"}],"predecessor-version":[{"id":1686,"href":"https:\/\/agerin.ovh\/index.php\/wp-json\/wp\/v2\/pages\/13\/revisions\/1686"}],"up":[{"embeddable":true,"href":"https:\/\/agerin.ovh\/index.php\/wp-json\/wp\/v2\/pages\/1069"}],"wp:attachment":[{"href":"https:\/\/agerin.ovh\/index.php\/wp-json\/wp\/v2\/media?parent=13"}],"curies":[{"name":"wp","href":"https:\/\/api.w.org\/{rel}","templated":true}]}}